{"id":583,"date":"2011-10-20T16:46:03","date_gmt":"2011-10-20T14:46:03","guid":{"rendered":"http:\/\/desmilitaritzem.blog.pangea.org\/?page_id=583"},"modified":"2026-04-30T19:05:11","modified_gmt":"2026-04-30T17:05:11","slug":"qui-participa","status":"publish","type":"page","link":"https:\/\/desmilitaritzem.blog.pangea.org\/ca\/qui-som\/qui-participa\/","title":{"rendered":"Qui participa?"},"content":{"rendered":"<p><\/p>\n<h3>ORGANITZACI\u00d3NS ADHERIDES (107)<\/h3>\n<p>&nbsp;<\/p>\n<hr \/>\n<ul>\n<li><a href=\"https:\/\/laverema.wordpress.com\/\" target=\"_blank\" rel=\"noopener noreferrer\">A.C La Verema de Cerdanyola<\/a><\/li>\n<li><a href=\"http:\/\/ca.acasc.info\/noticias\" target=\"_blank\" rel=\"noopener noreferrer\">ACASC, Associaci\u00f3 Ciutadana Anti-sida de Catalunya<\/a><\/li>\n<li><a href=\"http:\/\/acat.pangea.org\/\" target=\"_blank\" rel=\"noopener noreferrer\">Acci\u00f3 del Cristians per l\u2019Abolici\u00f3 de la Tortura (ACAT)<\/a><\/li>\n<li><a href=\"http:\/\/www.accioescolta.cat\/\" target=\"_blank\" rel=\"noopener noreferrer\">Acci\u00f3 Escolta de Catalunya<\/a><\/li>\n<li><a href=\"http:\/\/www.ajec.cat\" target=\"_blank\" rel=\"noopener noreferrer\">AJEC \u2013 Associaci\u00f3 de Joves Estudiants de Catalunya<\/a><\/li>\n<li>Algas Atl\u00e1nticas Algamar<\/li>\n<li><a href=\"http:\/\/www.alternativajove.cat\/\" target=\"_blank\" rel=\"noopener noreferrer\">Alternativa Jove \u2013 Joves d\u2019EUiA<\/a><\/li>\n<li><a href=\"http:\/\/altoelfoc.blogspot.com.es\/\" target=\"_blank\" rel=\"noopener noreferrer\">Alto el Foc a <span class=\"il\">l<\/span>\u2018Albera<\/a><\/li>\n<li>AMPA CEIP Jaume Balmes \u2013 Sant Feliu de Codines<\/li>\n<li>AMPA CEIP SANT MART\u00c3\u008d de Torrelles de Llobregat<\/li>\n<li>AMPA Escola Argentona<\/li>\n<li>AMPA Escola Patronat Dom\u00e8nech<\/li>\n<li>AMPA Montserrat Sola<\/li>\n<li>Antena de Madrid de AEFJN (Red \u00c1\u0081frica-Europa-Fe Justicia)<\/li>\n<li>Asamblea Antimilitarista de Madrid<\/li>\n<li><a href=\"https:\/\/associaciosalutiagroecologia.wordpress.com\/\" target=\"_blank\" rel=\"noopener noreferrer\">ASiA- Asssoc. Salut i Agreoecologia<\/a><\/li>\n<li>Assemblea 15M Sarri\u00e0 \u2013 St. Gervasi<\/li>\n<li>Assemblea Mundet<\/li>\n<li>Associaci\u00f3 Catalana de Brigadistes a Nicaragua<\/li>\n<li>Associaci\u00f3 Cultural XanKiKiPugui<\/li>\n<li><a href=\"http:\/\/www.avvclotcampdelarpa.cat\" target=\"_blank\" rel=\"noopener noreferrer\">Associaci\u00f3 de Ve\u00efns i Ve\u00efnes del Clot-Camp de l\u2019Arpa<\/a><\/li>\n<li>Associaci\u00f3 pel Foment de la Cultura i de la Comunicaci\u00f3 \u2013 AFoCC<\/li>\n<li>Ateneu Art i Cultura (l\u2019Escala)<\/li>\n<li>Brigades Internacionals de Pau de Catalunya<\/li>\n<li><a href=\"http:\/\/caldessolidaria.blogspot.com.es\/\" target=\"_blank\" rel=\"noopener noreferrer\">Caldes Solid\u00e0ria<\/a><\/li>\n<li>CEIP L\u2019Alzinar<\/li>\n<li><a href=\"http:\/\/www.centredelas.org\/ca\/\" target=\"_blank\" rel=\"noopener noreferrer\">Centre Del\u00e0s d\u2019Estudis per la Pau<\/a><\/li>\n<li><a href=\"http:\/\/ciemen.cat\" target=\"_blank\" rel=\"noopener noreferrer\">Centre Internacional Escarr\u00e9 per a les Minories \u00c8tniques i les Nacions (CIEMEN)<\/a><\/li>\n<li>Centre UNESCO de Catalunya<\/li>\n<li>Centre Virtual de Cultura de Pau de Catalunya<\/li>\n<li>CFA Freire<\/li>\n<li>Col\u00b7lectiu Antimilitarista de Sant Cugat<\/li>\n<li>Col\u00b7lectiu d\u2019Estudiants del Maresme (CEM)<\/li>\n<li>Comissi\u00f3 JPIC Germanetes As. Catalunya<\/li>\n<li>Consell de la Joventut de Barcelona<\/li>\n<li><a href=\"http:\/\/www.barabaraeducacio.org.\" target=\"_blank\" rel=\"noopener noreferrer\">Cooperativa Barabara Educaci\u00f3<\/a><\/li>\n<li>Coordinadora d\u2019AFAs de Sant Cugat del Vall\u00e8s<\/li>\n<li><a href=\"https:\/\/www.solidaries.org\/\" target=\"_blank\" rel=\"noopener noreferrer\">Coordinadora d\u2019ONG Solid\u00e0ries (Comarques Gironines i Alt Maresme)<\/a><\/li>\n<li><a href=\"https:\/\/usuaris.tinet.cat\/tgnapau\/\" target=\"_blank\" rel=\"noopener noreferrer\">Coordinadora Tarragona Patrimoni de la Pau<\/a><\/li>\n<li>Coordinadora Un altre M\u00f3n \u00e9s Possible (Sabadell)<\/li>\n<li>CUP Barcelona<\/li>\n<li>Dones x dones<\/li>\n<li><a href=\"http:\/\/www.ecologistasenaccion.org\/rubrique65.html\" target=\"_blank\" rel=\"noopener noreferrer\">Ecologistes en Acci\u00f3<\/a><\/li>\n<li><a href=\"http:\/\/www.edualter.org\" target=\"_blank\" rel=\"noopener noreferrer\">Edualter<\/a><\/li>\n<li><a href=\"http:\/\/www.teleafonica.net\" target=\"_blank\" rel=\"noopener noreferrer\">En Construci\u00f3 (EC) Sindicat Telef\u00f2niica-Movistar (BCN)<\/a><\/li>\n<li><a href=\"http:\/\/www.esolidari.cat\" target=\"_blank\" rel=\"noopener noreferrer\">Ensenyament Solidari<\/a><\/li>\n<li>Entrepobles<\/li>\n<li>Eradicar la Pobresa<\/li>\n<li>Escola Creativa<\/li>\n<li>Escola d\u2019adults\/es CFA Trinitat Vella<\/li>\n<li>Escola d\u2019adults Tim\u00f3<\/li>\n<li>Escola Guinard\u00f3 SCCL<\/li>\n<li>Esplais Catalans \u2013 Esplac<\/li>\n<li>Estudiants en Acci\u00f3<\/li>\n<li>Estudiants en Lluita<\/li>\n<li>Faramantina, animaci\u00f3 i creativitat<\/li>\n<li><a href=\"http:\/\/www.favb.cat\" target=\"_blank\" rel=\"noopener noreferrer\">FAVB Federaci\u00f3 Associacions Ve\u00efns i Ve\u00efnes de Barcelona<\/a><\/li>\n<li>Federaci\u00f3 d\u2019Associacions de Mares i Pares d\u2019Alumnes de Catalunya (FAPAC)<\/li>\n<li>Forn de teatre Pa\u2019tothom<\/li>\n<li><a href=\"http:\/\/frontcivic.org\/\" target=\"_blank\" rel=\"noopener noreferrer\">Front Civic de Catalunya<\/a><\/li>\n<li>Fundaci\u00f3 Akwaba<\/li>\n<li>Fundaci\u00f3 Barcelona Sida 2002<\/li>\n<li>Fundaci\u00f3 Cultura de Pau. Granollers Catalunya<\/li>\n<li>Fundaci\u00f3 K-MON<\/li>\n<li>Fundaci\u00f3 M\u00f3n-3<\/li>\n<li>FundiPau<\/li>\n<li>Germanor Obrera d\u2019Acci\u00f3 Cat\u00f2lica<\/li>\n<li>Grup C\u00edvic Cultural EMPREMTES<\/li>\n<li>Grup de Dones de Can Serra de l\u2019Hospitalet<\/li>\n<li>Grup d\u2019Educaci\u00f3 per la Pau<\/li>\n<li>Grup d\u2019Empordaneses i Empordanesos per la solidaritat<\/li>\n<li>Grup de dones dels Ports<\/li>\n<li>Grup Eirene<\/li>\n<li>Iniciativa per Catalunya Verds<\/li>\n<li>INS El Morell<\/li>\n<li>INS Mart\u00ed <span class=\"il\">l<\/span>\u2018 Hum\u00e0<\/li>\n<li>Intersindical-CSC<\/li>\n<li>Joventut Comunista de les Illes Balears<\/li>\n<li>Joventuts d\u2019Esquerra Republicana de Catalunya<\/li>\n<li>Joves d\u2019Esquerra Verda<\/li>\n<li>Just\u00edcia i Pau<\/li>\n<li>LaFede.cat (Organitzacions per a la Just\u00edcia Global)<\/li>\n<li>Lliga dels Drets dels Pobles<\/li>\n<li>Marea Pensionista<\/li>\n<li>Minyons Escoltes i Guies de Catalunya<\/li>\n<li>Moviment per la Pau<\/li>\n<li><a href=\"http:\/\/www.novact.org\" target=\"_blank\" rel=\"noopener noreferrer\"><span class=\"il\">NOVACT<\/span><\/a><\/li>\n<li>Plataforma Aturem la Guerra<\/li>\n<li>Plataforma per la Pau Lloret<\/li>\n<li>Proda Catalunya<\/li>\n<li>Roda de la Pau de Sabadell<\/li>\n<li><a href=\"http:\/\/www.rubisolidari.org\" target=\"_blank\" rel=\"noopener noreferrer\">Rub\u00ed Solidari<\/a><\/li>\n<li>Secci\u00f3 sindical de CGT a la escola ITES<\/li>\n<li>Secci\u00f3 sindical de CGT Ensenyament de Tarragona \u201cDeixem de ser una Illa\u201d<\/li>\n<li>SED Solidaritat Educaci\u00f3 i Desenvolupament<\/li>\n<li><a href=\"http:\/\/www.reporteducacio.cat\" target=\"_blank\" rel=\"noopener noreferrer\">Servei Educatiu Baix Llobregat-6<\/a><\/li>\n<li><a href=\"http:\/\/seminariiec.blogspot.com.es\/\" target=\"_blank\" rel=\"noopener noreferrer\">SIEC. Seminari \u00cdtaca d\u2019Educaci\u00f3 Cr\u00edtica<\/a><\/li>\n<li>Sindicat d\u2019Estudiants dels Pa\u00efsos Catalans<\/li>\n<li>SIOF (Objecci\u00f3 Fiscal a la Despesa Militar)<\/li>\n<li>Societat Catalana d\u2019Educaci\u00f3 Ambiental<\/li>\n<li>Units pel Voluntariat i la Llengua<\/li>\n<li>Universitat Internacional de la Pau<\/li>\n<li>USTEC\u00b7STEs (IAC)<\/li>\n<li>Vallirana per la pau<\/li>\n<li><a href=\"http:\/\/www.wilpf.es\" target=\"_blank\" rel=\"noopener noreferrer\">WILPF (Lliga Internacional de les Dones per la Pau i la Llibertat)<\/a><\/li>\n<li>Xarxa Solid\u00e0ria de Sant Cugat<\/li>\n<li><a href=\"http:\/\/WWW.XINO-XANO.ORG\" target=\"_blank\" rel=\"noopener noreferrer\">Xino Xano Associaci\u00f3 de Lleure<\/a><\/li>\n<\/ul>\n<p><\/p>","protected":false},"excerpt":{"rendered":"<p>ORGANITZACI\u00d3NS ADHERIDES (107) &nbsp; A.C La Verema de Cerdanyola ACASC, Associaci\u00f3 Ciutadana Anti-sida de Catalunya Acci\u00f3 del Cristians per l\u2019Abolici\u00f3 de la Tortura (ACAT) Acci\u00f3 Escolta de Catalunya AJEC \u2013 Associaci\u00f3 de Joves Estudiants de Catalunya Algas Atl\u00e1nticas Algamar Alternativa Jove \u2013 Joves d\u2019EUiA Alto el Foc a l\u2018Albera AMPA CEIP Jaume Balmes \u2013 Sant&hellip;&nbsp;<a href=\"https:\/\/desmilitaritzem.blog.pangea.org\/ca\/qui-som\/qui-participa\/\" rel=\"bookmark\">Read More &raquo;<span class=\"screen-reader-text\">Qui participa?<\/span><\/a><\/p>\n","protected":false},"author":705,"featured_media":0,"parent":9,"menu_order":1,"comment_status":"open","ping_status":"open","template":"","meta":{"neve_meta_sidebar":"","neve_meta_container":"","neve_meta_enable_content_width":"off","neve_meta_content_width":100,"neve_meta_title_alignment":"","neve_meta_author_avatar":"","neve_post_elements_order":"","neve_meta_disable_header":"","neve_meta_disable_footer":"","neve_meta_disable_title":"","jetpack_post_was_ever_published":false,"footnotes":""},"class_list":["post-583","page","type-page","status-publish","hentry"],"jetpack_sharing_enabled":true,"jetpack_shortlink":"https:\/\/wp.me\/P1W1mN-9p","jetpack-related-posts":[],"_links":{"self":[{"href":"https:\/\/desmilitaritzem.blog.pangea.org\/ca\/wp-json\/wp\/v2\/pages\/583","targetHints":{"allow":["GET"]}}],"collection":[{"href":"https:\/\/desmilitaritzem.blog.pangea.org\/ca\/wp-json\/wp\/v2\/pages"}],"about":[{"href":"https:\/\/desmilitaritzem.blog.pangea.org\/ca\/wp-json\/wp\/v2\/types\/page"}],"author":[{"embeddable":true,"href":"https:\/\/desmilitaritzem.blog.pangea.org\/ca\/wp-json\/wp\/v2\/users\/705"}],"replies":[{"embeddable":true,"href":"https:\/\/desmilitaritzem.blog.pangea.org\/ca\/wp-json\/wp\/v2\/comments?post=583"}],"version-history":[{"count":34,"href":"https:\/\/desmilitaritzem.blog.pangea.org\/ca\/wp-json\/wp\/v2\/pages\/583\/revisions"}],"predecessor-version":[{"id":3703,"href":"https:\/\/desmilitaritzem.blog.pangea.org\/ca\/wp-json\/wp\/v2\/pages\/583\/revisions\/3703"}],"up":[{"embeddable":true,"href":"https:\/\/desmilitaritzem.blog.pangea.org\/ca\/wp-json\/wp\/v2\/pages\/9"}],"wp:attachment":[{"href":"https:\/\/desmilitaritzem.blog.pangea.org\/ca\/wp-json\/wp\/v2\/media?parent=583"}],"curies":[{"name":"wp","href":"https:\/\/api.w.org\/{rel}","templated":true}]}}