{"id":583,"date":"2011-10-20T16:46:03","date_gmt":"2011-10-20T14:46:03","guid":{"rendered":"http:\/\/desmilitaritzem.blog.pangea.org\/?page_id=583"},"modified":"2025-02-17T04:37:57","modified_gmt":"2025-02-17T03:37:57","slug":"qui-participa","status":"publish","type":"page","link":"https:\/\/desmilitaritzem.blog.pangea.org\/en\/participen\/qui-participa\/","title":{"rendered":"(Catal\u00e0) Qui participa?"},"content":{"rendered":"<p>ORGANITZACI\u00d3<\/p>\n<p>&nbsp;<\/p>\n<ul>\n<li>A.C La Verema de Cerdanyola<\/li>\n<li>ACASC, Associaci\u00f3 Ciutadana Anti-sida de Catalunya<\/li>\n<li>Acci\u00f3 del Cristians per l&#8217;Abolici\u00f3 de la Tortura (ACAT)<\/li>\n<li>Algas Atl\u00e1nticas Algamar<\/li>\n<li>Alternativa Jove &#8211; Joves d&#8217;EUiA<\/li>\n<li>AMPA CEIP Jaume Balmes &#8211; Sant Feliu de Codines<\/li>\n<li>AMPA CEIP SANT MART\u00c3\u008d de Torrelles de Llobregat<\/li>\n<li>AMPA Escola Patronat Dom\u00e8nech<\/li>\n<li>AMPA Montserrat Sola<\/li>\n<li>Antena de Madrid de AEFJN (Red \u00c1\u0081frica-Europa-Fe Justicia)<\/li>\n<li>Asamblea Antimilitarista de Madrid<\/li>\n<li>Assamblea Mundet<\/li>\n<li>Associaci\u00f3 Catalana de Brigadistes a Nicaragua<\/li>\n<li>Associaci\u00f3 Cultural XanKiKiPugui<\/li>\n<li>Ateneu Art i Cultura (l&#8217;Escala)<\/li>\n<li>Brigades Internacionals de Pau de Catalunya<\/li>\n<li>CEIP L&#8217;Alzinar<\/li>\n<li>Centre UNESCO de Catalunya<\/li>\n<li>Centre Virtual de Cultura de Pau de Catalunya<\/li>\n<li>Col\u00b7lectiu Antimilitarista de Sant Cugat<\/li>\n<li>Col\u00b7lectiu d&#8217;Estudiants del Maresme (CEM)<\/li>\n<li>Consell de la Joventut de Barcelona<\/li>\n<li>Coordinadora d&#8217;ONG Solid\u00e0ries (Comarques Gironines i Alt Maresme)<\/li>\n<li>Coordinadora Tarragona Patrimoni de la Pau<\/li>\n<li>Coordinadora Un altre M\u00f3n \u00e9s Possible (Sabadell)<\/li>\n<li>CUP Barcelona<\/li>\n<li>Dones x dones<\/li>\n<li>Edualter<\/li>\n<li>Entrepobles<\/li>\n<li>Eradicar la Pobresa<\/li>\n<li>Escola d&#8217;adults\/es CFA Trinitat Vella<\/li>\n<li>Escola d&#8217;adults Tim\u00f3<\/li>\n<li>Escola Guinard\u00f3 SCCL<\/li>\n<li>Estudiants en Acci\u00f3<\/li>\n<li>Estudiants en Lluita<\/li>\n<li>Faramantina, animaci\u00f3 i creativitat<\/li>\n<li>Federaci\u00f3 Catalana d&#8217;ONG pels Drets Humans<\/li>\n<li>Federaci\u00f3 Catalana d&#8217;ONG per el Desenvolupament<\/li>\n<li>Federaci\u00f3 Catalana d&#8217;ONG per la Pau<\/li>\n<li>Federaci\u00f3 d&#8217;Associacions de Mares i Pares d&#8217;Alumnes de Catalunya (FAPAC)<\/li>\n<li>Fundaci\u00f3 Akwaba<\/li>\n<li>Fundaci\u00f3 Barcelona Sida 2002<\/li>\n<li>Fundaci\u00f3 K-MON<\/li>\n<li>Fundaci\u00f3 M\u00f3n-3<\/li>\n<li>Fundaci\u00f3 per la Pau<\/li>\n<li>Germanor Obrera d&#8217;Acci\u00f3 Cat\u00f2lica<\/li>\n<li>Grup C\u00edvic Cultural EMPREMTES<\/li>\n<li>Grup d&#8217;Empordaneses i Empordanesos per la solidaritat<\/li>\n<li>Joventut Comunista de les Illes Balears<\/li>\n<li>Joves d&#8217;Esquerra Verda<\/li>\n<li>Just\u00edcia i Pau<\/li>\n<li>Minyons Escoltes i Guies de Catalunya<\/li>\n<li>Moviment per la Pau<\/li>\n<li>Plataforma Aturem la Guerra<\/li>\n<li>Plataforma per la Pau Lloret<\/li>\n<li>Proda Catalunya<\/li>\n<li>Secci\u00f3 sindical de CGT a la escola ITES<\/li>\n<li>SED Solidaritat Educaci\u00f3 i Desenvolupament<\/li>\n<li>Sindicat d&#8217;Estudiants dels Pa\u00efsos Catalans<\/li>\n<li>SIOF (Objecci\u00f3 Fiscal a la Despesa Militar)<\/li>\n<li>Societat Catalana d&#8217;Educaci\u00f3 Ambiental<\/li>\n<li>Units pel Voluntariat i la Llengua<\/li>\n<li>Universitat Internacional de la Pau<\/li>\n<li>USTEC\u00b7STEs (IAC)<\/li>\n<li>Vallirana per la pau<\/li>\n<\/ul>\n<p>&nbsp;<\/p>\n<hr \/>\n<h3 style=\"text-align: center\">Si desitges que la teva escola, entitat o organitzaci\u00f3 es trobi en aquest llistat com a part de la campanya Desmilitaritzem l&#8217;Educaci\u00f3, emplena el seg\u00fcent formulari<\/h3>\n<p style=\"text-align: center\">\n<div class=\"wpcf7 no-js\" id=\"wpcf7-f1668-o2\" lang=\"ca-CA\" dir=\"ltr\" data-wpcf7-id=\"1668\">\n<div class=\"screen-reader-response\"><p role=\"status\" aria-live=\"polite\" aria-atomic=\"true\"><\/p> <ul><\/ul><\/div>\n<form action=\"\/en\/wp-json\/wp\/v2\/pages\/583#wpcf7-f1668-o2\" method=\"post\" class=\"wpcf7-form init\" aria-label=\"Contact form\" novalidate=\"novalidate\" data-status=\"init\">\n<fieldset class=\"hidden-fields-container\"><input type=\"hidden\" name=\"_wpcf7\" value=\"1668\" \/><input type=\"hidden\" name=\"_wpcf7_version\" value=\"6.1.5\" \/><input type=\"hidden\" name=\"_wpcf7_locale\" value=\"ca_CA\" \/><input type=\"hidden\" name=\"_wpcf7_unit_tag\" value=\"wpcf7-f1668-o2\" \/><input type=\"hidden\" name=\"_wpcf7_container_post\" value=\"0\" \/><input type=\"hidden\" name=\"_wpcf7_posted_data_hash\" value=\"\" \/>\n<\/fieldset>\n<p><label> Nom (required)<br \/>\n<span class=\"wpcf7-form-control-wrap\" data-name=\"your-name\"><input size=\"40\" maxlength=\"400\" class=\"wpcf7-form-control wpcf7-text wpcf7-validates-as-required\" aria-required=\"true\" aria-invalid=\"false\" value=\"\" type=\"text\" name=\"your-name\" \/><\/span> <\/label>\n<\/p>\n<p><label> Correu electr\u00f2nic (required)<br \/>\n<span class=\"wpcf7-form-control-wrap\" data-name=\"your-email\"><input size=\"40\" maxlength=\"400\" class=\"wpcf7-form-control wpcf7-email wpcf7-validates-as-required wpcf7-text wpcf7-validates-as-email\" aria-required=\"true\" aria-invalid=\"false\" value=\"\" type=\"email\" name=\"your-email\" \/><\/span> <\/label>\n<\/p>\n<p><label> Entitat o organitzaci\u00f3<br \/>\n<span class=\"wpcf7-form-control-wrap\" data-name=\"entitat-org\"><input size=\"40\" maxlength=\"400\" class=\"wpcf7-form-control wpcf7-text\" aria-invalid=\"false\" value=\"\" type=\"text\" name=\"entitat-org\" \/><\/span> <\/label>\n<\/p>\n<p><label> P\u00e0gina web<br \/>\n<span class=\"wpcf7-form-control-wrap\" data-name=\"web\"><input size=\"40\" maxlength=\"400\" class=\"wpcf7-form-control wpcf7-text\" aria-invalid=\"false\" value=\"\" type=\"text\" name=\"web\" \/><\/span> <\/label>\n<\/p>\n<p><label> Tipus d'adhesi\u00f3 (Entitat o Particular)<br \/>\n<span class=\"wpcf7-form-control-wrap\" data-name=\"entitat-particular\"><input size=\"40\" maxlength=\"400\" class=\"wpcf7-form-control wpcf7-text wpcf7-validates-as-required\" aria-required=\"true\" aria-invalid=\"false\" value=\"\" type=\"text\" name=\"entitat-particular\" \/><\/span> <\/label>\n<\/p>\n<p><label> Comentaris<br \/>\n<span class=\"wpcf7-form-control-wrap\" data-name=\"your-message\"><textarea cols=\"40\" rows=\"10\" maxlength=\"2000\" class=\"wpcf7-form-control wpcf7-textarea\" aria-invalid=\"false\" name=\"your-message\"><\/textarea><\/span> <\/label>\n<\/p>\n<p>[recaptcha]\n<\/p>\n<p><input class=\"wpcf7-form-control wpcf7-submit has-spinner\" type=\"submit\" value=\"Send\" \/>\n<\/p><p style=\"display: none !important;\" class=\"akismet-fields-container\" data-prefix=\"_wpcf7_ak_\"><label>&#916;<textarea name=\"_wpcf7_ak_hp_textarea\" cols=\"45\" rows=\"8\" maxlength=\"100\"><\/textarea><\/label><input type=\"hidden\" id=\"ak_js_2\" name=\"_wpcf7_ak_js\" value=\"82\"\/><script>\ndocument.getElementById( \"ak_js_2\" ).setAttribute( \"value\", ( new Date() ).getTime() );\n<\/script>\n<\/p><div class=\"wpcf7-response-output\" aria-hidden=\"true\"><\/div>\n<\/form>\n<\/div>\n<\/p>\n<p>ORGANITZACI\u00d3<\/p>\n<p>&nbsp;<\/p>\n<ul>\n<li>A.C La Verema de Cerdanyola<\/li>\n<li>ACASC, Associaci\u00f3 Ciutadana Anti-sida de Catalunya<\/li>\n<li>Acci\u00f3 del Cristians per l&#8217;Abolici\u00f3 de la Tortura (ACAT)<\/li>\n<li>Algas Atl\u00e1nticas Algamar<\/li>\n<li>Alternativa Jove &#8211; Joves d&#8217;EUiA<\/li>\n<li>AMPA CEIP Jaume Balmes &#8211; Sant Feliu de Codines<\/li>\n<li>AMPA CEIP SANT MART\u00c3\u008d de Torrelles de Llobregat<\/li>\n<li>AMPA Escola Patronat Dom\u00e8nech<\/li>\n<li>AMPA Montserrat Sola<\/li>\n<li>Antena de Madrid de AEFJN (Red \u00c1\u0081frica-Europa-Fe Justicia)<\/li>\n<li>Asamblea Antimilitarista de Madrid<\/li>\n<li>Assamblea Mundet<\/li>\n<li>Associaci\u00f3 Catalana de Brigadistes a Nicaragua<\/li>\n<li>Associaci\u00f3 Cultural XanKiKiPugui<\/li>\n<li>Ateneu Art i Cultura (l&#8217;Escala)<\/li>\n<li>Brigades Internacionals de Pau de Catalunya<\/li>\n<li>CEIP L&#8217;Alzinar<\/li>\n<li>Centre UNESCO de Catalunya<\/li>\n<li>Centre Virtual de Cultura de Pau de Catalunya<\/li>\n<li>Col\u00b7lectiu Antimilitarista de Sant Cugat<\/li>\n<li>Col\u00b7lectiu d&#8217;Estudiants del Maresme (CEM)<\/li>\n<li>Consell de la Joventut de Barcelona<\/li>\n<li>Coordinadora d&#8217;ONG Solid\u00e0ries (Comarques Gironines i Alt Maresme)<\/li>\n<li>Coordinadora Tarragona Patrimoni de la Pau<\/li>\n<li>Coordinadora Un altre M\u00f3n \u00e9s Possible (Sabadell)<\/li>\n<li>CUP Barcelona<\/li>\n<li>Dones x dones<\/li>\n<li>Edualter<\/li>\n<li>Entrepobles<\/li>\n<li>Eradicar la Pobresa<\/li>\n<li>Escola d&#8217;adults\/es CFA Trinitat Vella<\/li>\n<li>Escola d&#8217;adults Tim\u00f3<\/li>\n<li>Escola Guinard\u00f3 SCCL<\/li>\n<li>Estudiants en Acci\u00f3<\/li>\n<li>Estudiants en Lluita<\/li>\n<li>Faramantina, animaci\u00f3 i creativitat<\/li>\n<li>Federaci\u00f3 Catalana d&#8217;ONG pels Drets Humans<\/li>\n<li>Federaci\u00f3 Catalana d&#8217;ONG per el Desenvolupament<\/li>\n<li>Federaci\u00f3 Catalana d&#8217;ONG per la Pau<\/li>\n<li>Federaci\u00f3 d&#8217;Associacions de Mares i Pares d&#8217;Alumnes de Catalunya (FAPAC)<\/li>\n<li>Fundaci\u00f3 Akwaba<\/li>\n<li>Fundaci\u00f3 Barcelona Sida 2002<\/li>\n<li>Fundaci\u00f3 K-MON<\/li>\n<li>Fundaci\u00f3 M\u00f3n-3<\/li>\n<li>Fundaci\u00f3 per la Pau<\/li>\n<li>Germanor Obrera d&#8217;Acci\u00f3 Cat\u00f2lica<\/li>\n<li>Grup C\u00edvic Cultural EMPREMTES<\/li>\n<li>Grup d&#8217;Empordaneses i Empordanesos per la solidaritat<\/li>\n<li>Joventut Comunista de les Illes Balears<\/li>\n<li>Joves d&#8217;Esquerra Verda<\/li>\n<li>Just\u00edcia i Pau<\/li>\n<li>Minyons Escoltes i Guies de Catalunya<\/li>\n<li>Moviment per la Pau<\/li>\n<li>Plataforma Aturem la Guerra<\/li>\n<li>Plataforma per la Pau Lloret<\/li>\n<li>Proda Catalunya<\/li>\n<li>Secci\u00f3 sindical de CGT a la escola ITES<\/li>\n<li>SED Solidaritat Educaci\u00f3 i Desenvolupament<\/li>\n<li>Sindicat d&#8217;Estudiants dels Pa\u00efsos Catalans<\/li>\n<li>SIOF (Objecci\u00f3 Fiscal a la Despesa Militar)<\/li>\n<li>Societat Catalana d&#8217;Educaci\u00f3 Ambiental<\/li>\n<li>Units pel Voluntariat i la Llengua<\/li>\n<li>Universitat Internacional de la Pau<\/li>\n<li>USTEC\u00b7STEs (IAC)<\/li>\n<li>Vallirana per la pau<\/li>\n<\/ul>\n<p>&nbsp;<\/p>\n<hr \/>\n<h3 style=\"text-align: center\">Si desitges que la teva escola, entitat o organitzaci\u00f3 es trobi en aquest llistat com a part de la campanya Desmilitaritzem l&#8217;Educaci\u00f3, emplena el seg\u00fcent formulari<\/h3>\n<p style=\"text-align: center\">\n<div class=\"wpcf7 no-js\" id=\"wpcf7-f1668-o3\" lang=\"ca-CA\" dir=\"ltr\" data-wpcf7-id=\"1668\">\n<div class=\"screen-reader-response\"><p role=\"status\" aria-live=\"polite\" aria-atomic=\"true\"><\/p> <ul><\/ul><\/div>\n<form action=\"\/en\/wp-json\/wp\/v2\/pages\/583#wpcf7-f1668-o3\" method=\"post\" class=\"wpcf7-form init\" aria-label=\"Contact form\" novalidate=\"novalidate\" data-status=\"init\">\n<fieldset class=\"hidden-fields-container\"><input type=\"hidden\" name=\"_wpcf7\" value=\"1668\" \/><input type=\"hidden\" name=\"_wpcf7_version\" value=\"6.1.5\" \/><input type=\"hidden\" name=\"_wpcf7_locale\" value=\"ca_CA\" \/><input type=\"hidden\" name=\"_wpcf7_unit_tag\" value=\"wpcf7-f1668-o3\" \/><input type=\"hidden\" name=\"_wpcf7_container_post\" value=\"0\" \/><input type=\"hidden\" name=\"_wpcf7_posted_data_hash\" value=\"\" \/>\n<\/fieldset>\n<p><label> Nom (required)<br \/>\n<span class=\"wpcf7-form-control-wrap\" data-name=\"your-name\"><input size=\"40\" maxlength=\"400\" class=\"wpcf7-form-control wpcf7-text wpcf7-validates-as-required\" aria-required=\"true\" aria-invalid=\"false\" value=\"\" type=\"text\" name=\"your-name\" \/><\/span> <\/label>\n<\/p>\n<p><label> Correu electr\u00f2nic (required)<br \/>\n<span class=\"wpcf7-form-control-wrap\" data-name=\"your-email\"><input size=\"40\" maxlength=\"400\" class=\"wpcf7-form-control wpcf7-email wpcf7-validates-as-required wpcf7-text wpcf7-validates-as-email\" aria-required=\"true\" aria-invalid=\"false\" value=\"\" type=\"email\" name=\"your-email\" \/><\/span> <\/label>\n<\/p>\n<p><label> Entitat o organitzaci\u00f3<br \/>\n<span class=\"wpcf7-form-control-wrap\" data-name=\"entitat-org\"><input size=\"40\" maxlength=\"400\" class=\"wpcf7-form-control wpcf7-text\" aria-invalid=\"false\" value=\"\" type=\"text\" name=\"entitat-org\" \/><\/span> <\/label>\n<\/p>\n<p><label> P\u00e0gina web<br \/>\n<span class=\"wpcf7-form-control-wrap\" data-name=\"web\"><input size=\"40\" maxlength=\"400\" class=\"wpcf7-form-control wpcf7-text\" aria-invalid=\"false\" value=\"\" type=\"text\" name=\"web\" \/><\/span> <\/label>\n<\/p>\n<p><label> Tipus d'adhesi\u00f3 (Entitat o Particular)<br \/>\n<span class=\"wpcf7-form-control-wrap\" data-name=\"entitat-particular\"><input size=\"40\" maxlength=\"400\" class=\"wpcf7-form-control wpcf7-text wpcf7-validates-as-required\" aria-required=\"true\" aria-invalid=\"false\" value=\"\" type=\"text\" name=\"entitat-particular\" \/><\/span> <\/label>\n<\/p>\n<p><label> Comentaris<br \/>\n<span class=\"wpcf7-form-control-wrap\" data-name=\"your-message\"><textarea cols=\"40\" rows=\"10\" maxlength=\"2000\" class=\"wpcf7-form-control wpcf7-textarea\" aria-invalid=\"false\" name=\"your-message\"><\/textarea><\/span> <\/label>\n<\/p>\n<p>[recaptcha]\n<\/p>\n<p><input class=\"wpcf7-form-control wpcf7-submit has-spinner\" type=\"submit\" value=\"Send\" \/>\n<\/p><p style=\"display: none !important;\" class=\"akismet-fields-container\" data-prefix=\"_wpcf7_ak_\"><label>&#916;<textarea name=\"_wpcf7_ak_hp_textarea\" cols=\"45\" rows=\"8\" maxlength=\"100\"><\/textarea><\/label><input type=\"hidden\" id=\"ak_js_3\" name=\"_wpcf7_ak_js\" value=\"201\"\/><script>\ndocument.getElementById( \"ak_js_3\" ).setAttribute( \"value\", ( new Date() ).getTime() );\n<\/script>\n<\/p><div class=\"wpcf7-response-output\" aria-hidden=\"true\"><\/div>\n<\/form>\n<\/div>\n<\/p>\n<p><\/p>","protected":false},"excerpt":{"rendered":"<p>ORGANITZACI\u00d3 &nbsp; A.C La Verema de Cerdanyola ACASC, Associaci\u00f3 Ciutadana Anti-sida de Catalunya Acci\u00f3 del Cristians per l&#8217;Abolici\u00f3 de la Tortura (ACAT) Algas Atl\u00e1nticas Algamar Alternativa Jove &#8211; Joves d&#8217;EUiA AMPA CEIP Jaume Balmes &#8211; Sant Feliu de Codines AMPA CEIP SANT MART\u00c3\u008d de Torrelles de Llobregat AMPA Escola Patronat Dom\u00e8nech AMPA Montserrat Sola Antena&hellip;&nbsp;<a href=\"https:\/\/desmilitaritzem.blog.pangea.org\/en\/participen\/qui-participa\/\" rel=\"bookmark\">Read More &raquo;<span class=\"screen-reader-text\">(Catal\u00e0) Qui participa?<\/span><\/a><\/p>\n","protected":false},"author":705,"featured_media":0,"parent":9,"menu_order":1,"comment_status":"open","ping_status":"open","template":"","meta":{"neve_meta_sidebar":"","neve_meta_container":"","neve_meta_enable_content_width":"off","neve_meta_content_width":100,"neve_meta_title_alignment":"","neve_meta_author_avatar":"","neve_post_elements_order":"","neve_meta_disable_header":"","neve_meta_disable_footer":"","neve_meta_disable_title":"","jetpack_post_was_ever_published":false,"footnotes":""},"class_list":["post-583","page","type-page","status-publish","hentry"],"jetpack_sharing_enabled":true,"jetpack_shortlink":"https:\/\/wp.me\/P1W1mN-9p","jetpack-related-posts":[],"_links":{"self":[{"href":"https:\/\/desmilitaritzem.blog.pangea.org\/en\/wp-json\/wp\/v2\/pages\/583","targetHints":{"allow":["GET"]}}],"collection":[{"href":"https:\/\/desmilitaritzem.blog.pangea.org\/en\/wp-json\/wp\/v2\/pages"}],"about":[{"href":"https:\/\/desmilitaritzem.blog.pangea.org\/en\/wp-json\/wp\/v2\/types\/page"}],"author":[{"embeddable":true,"href":"https:\/\/desmilitaritzem.blog.pangea.org\/en\/wp-json\/wp\/v2\/users\/705"}],"replies":[{"embeddable":true,"href":"https:\/\/desmilitaritzem.blog.pangea.org\/en\/wp-json\/wp\/v2\/comments?post=583"}],"version-history":[{"count":33,"href":"https:\/\/desmilitaritzem.blog.pangea.org\/en\/wp-json\/wp\/v2\/pages\/583\/revisions"}],"predecessor-version":[{"id":3574,"href":"https:\/\/desmilitaritzem.blog.pangea.org\/en\/wp-json\/wp\/v2\/pages\/583\/revisions\/3574"}],"up":[{"embeddable":true,"href":"https:\/\/desmilitaritzem.blog.pangea.org\/en\/wp-json\/wp\/v2\/pages\/9"}],"wp:attachment":[{"href":"https:\/\/desmilitaritzem.blog.pangea.org\/en\/wp-json\/wp\/v2\/media?parent=583"}],"curies":[{"name":"wp","href":"https:\/\/api.w.org\/{rel}","templated":true}]}}